{"number_pubs_saved":1,"pub":{"id":1359,"base_path":"https:\/\/bcv.indexrerum.com\/content?","ir_context":"https:\/\/bcv.indexrerum.com","original_id":"102344","uuid":"5128ef4e-1ba8-480c-80b3-f75345ef4c09","isbn":"","issn":null,"serial_enumeration":null,"index_therms":null,"pub_date":"2000-06-20","pub_year":null,"inventory_date":"2021-03-24","logo":"https:\/\/bcv.indexrerum.com\/site\/bcv.png","created_on":"2021-03-24 01:00:00","updated_on":"2021-12-29 15:44:12","entry_point":"A zona franca e o centro offshore da Madeira","registration_num":null,"quota":"ORG 01020","summary":"Com\u00e9rcio","image_size":"0","image":null,"attributes":"<?xml version=\"1.0\" encoding=\"utf-8\"?><pub_attributes><attributes language=\"pt\"><attribute id=\"3\"><name>Data do invent\u00e1rio<\/name><value>2021-03-24<\/value><\/attribute><attribute id=\"45\"><name>Tipo de registo<\/name><value>a<\/value><\/attribute><attribute id=\"47\"><name>Identificador do registo<\/name><value>1359<\/value><\/attribute><attribute id=\"56\"><name>Identificador de vers\u00e3o<\/name><value>20211229144412.713<\/value><\/attribute><attribute id=\"17\"><name>Data de registo<\/name><value>2000-06-20<\/value><\/attribute><attribute id=\"18\"><name>Tipo de data de publica\u00e7\u00e3o<\/name><value>d<\/value><\/attribute><attribute id=\"57\"><name>Modificado<\/name><value> <\/value><\/attribute><attribute id=\"21\"><name>L\u00edngua de cataloga\u00e7\u00e3o<\/name><value>por<\/value><\/attribute><attribute id=\"22\"><name>Conjunto de caracteres<\/name><value>01<\/value><\/attribute><attribute id=\"60\"><name>L\u00edngua do texto<\/name><value>Portugu\u00eas<\/value><\/attribute><attribute id=\"31\"><name>T\u00edtulo pr\u00f3prio significativo<\/name><value>1<\/value><\/attribute><attribute id=\"30\"><name>T\u00edtulo pr\u00f3prio<\/name><value>A zona franca e o centro offshore da Madeira<\/value><\/attribute><attribute id=\"33\"><name>Autor<\/name><value>SOCIEDADE DE DENSENVOLVIMENTO DA MADEIRA<\/value><\/attribute><attribute id=\"62\"><name>Local de publica\u00e7\u00e3o \/ distribui\u00e7\u00e3o<\/name><value>Funchal <\/value><\/attribute><attribute id=\"280\"><name>Data de publica\u00e7\u00e3o \/distribui\u00e7\u00e3o<\/name><value>[199?]<\/value><\/attribute><attribute id=\"36\"><name>Descri\u00e7\u00e3o f\u00edsica<\/name><value>11 p.<\/value><\/attribute><attribute id=\"253\"><name>Nota de conte\u00fado<\/name><value>Com\u00e9rcio<\/value><\/attribute><attribute id=\"268\"><name>Indicador do n\u00edvel do termo de indexa\u00e7\u00e3o<\/name><value> <\/value><\/attribute><attribute id=\"51\"><name>Pa\u00eds<\/name><value>CV<\/value><\/attribute><attribute id=\"52\"><name>Ag\u00eancia<\/name><value>BCV<\/value><\/attribute><attribute id=\"6\"><name>Cota<\/name><value>ORG 01020<\/value><\/attribute><attribute id=\"16\"><name>Localiza\u00e7\u00e3o<\/name><value>SL 09\/Dep\u00f3sito<\/value><\/attribute><\/attributes><attributes language=\"en\"><attribute id=\"3\"><name>Data do invent\u00e1rio<\/name><value>2021-03-24<\/value><\/attribute><attribute id=\"45\"><name>Tipo de registo<\/name><value>a<\/value><\/attribute><attribute id=\"47\"><name>Identificador do registo<\/name><value>1359<\/value><\/attribute><attribute id=\"56\"><name>Identificador de vers\u00e3o<\/name><value>20211229144412.713<\/value><\/attribute><attribute id=\"17\"><name>Data de registo<\/name><value>2000-06-20<\/value><\/attribute><attribute id=\"18\"><name>Tipo de data de publica\u00e7\u00e3o<\/name><value>d<\/value><\/attribute><attribute id=\"57\"><name>Modificado<\/name><value> <\/value><\/attribute><attribute id=\"21\"><name>L\u00edngua de cataloga\u00e7\u00e3o<\/name><value>por<\/value><\/attribute><attribute id=\"22\"><name>Conjunto de caracteres<\/name><value>01<\/value><\/attribute><attribute id=\"60\"><name>L\u00edngua do texto<\/name><value>Portugu\u00eas<\/value><\/attribute><attribute id=\"31\"><name>T\u00edtulo pr\u00f3prio significativo<\/name><value>1<\/value><\/attribute><attribute id=\"30\"><name>T\u00edtulo pr\u00f3prio<\/name><value>A zona franca e o centro offshore da Madeira<\/value><\/attribute><attribute id=\"33\"><name>Autor<\/name><value>SOCIEDADE DE DENSENVOLVIMENTO DA MADEIRA<\/value><\/attribute><attribute id=\"62\"><name>Local de publica\u00e7\u00e3o \/ distribui\u00e7\u00e3o<\/name><value>Funchal <\/value><\/attribute><attribute id=\"280\"><name>Data de publica\u00e7\u00e3o \/distribui\u00e7\u00e3o<\/name><value>[199?]<\/value><\/attribute><attribute id=\"36\"><name>Descri\u00e7\u00e3o f\u00edsica<\/name><value>11 p.<\/value><\/attribute><attribute id=\"253\"><name>Nota de conte\u00fado<\/name><value>Com\u00e9rcio<\/value><\/attribute><attribute id=\"268\"><name>Indicador do n\u00edvel do termo de indexa\u00e7\u00e3o<\/name><value> <\/value><\/attribute><attribute id=\"51\"><name>Pa\u00eds<\/name><value>CV<\/value><\/attribute><attribute id=\"52\"><name>Ag\u00eancia<\/name><value>BCV<\/value><\/attribute><attribute id=\"6\"><name>Cota<\/name><value>ORG 01020<\/value><\/attribute><attribute id=\"16\"><name>Localiza\u00e7\u00e3o<\/name><value>SL 09\/Dep\u00f3sito<\/value><\/attribute><\/attributes><\/pub_attributes>","type":"Monografias","doc_type":"Material textual","isbd":"ORG 01020  A zona franca e o centro offshore da Madeira \/ SOCIEDADE DE DENSENVOLVIMENTO DA MADEIRA. - Funchal  , [199?]. - 11 p. - Com\u00e9rcio ","number_requisitions":"0","created_at":"2021-11-09T11:47:42.000000Z","updated_at":"2022-02-10T11:07:53.000000Z"}}