{"number_pubs_saved":1,"pub":{"id":1495,"base_path":"https:\/\/bcv.indexrerum.com\/content?","ir_context":"https:\/\/bcv.indexrerum.com","original_id":"102616","uuid":"b91bf79f-49cd-4b1c-9ee4-ce47ef6148aa","isbn":"","issn":null,"serial_enumeration":null,"index_therms":null,"pub_date":"2000-07-18","pub_year":null,"inventory_date":"2021-03-24","logo":"https:\/\/bcv.indexrerum.com\/site\/bcv.png","created_on":"2021-03-24 01:00:00","updated_on":"2021-12-29 15:44:12","entry_point":"Relat\u00f3rio do Governo do ano de 1987 - Parte I :apresentado por  Sua Excel\u00eancia o Primeiro Ministro, Comandante de brigada Pedro Pedro, ao plenario da 5.\u00aa sess\u00e3o legistiva  ordinaria da III legislatura da Assembleia Nacional Popular","registration_num":null,"quota":"ORG 02329\/1","summary":null,"image_size":"0","image":null,"attributes":"<?xml version=\"1.0\" encoding=\"utf-8\"?><pub_attributes><attributes language=\"pt\"><attribute id=\"3\"><name>Data do invent\u00e1rio<\/name><value>2021-03-24<\/value><\/attribute><attribute id=\"45\"><name>Tipo de registo<\/name><value>a<\/value><\/attribute><attribute id=\"47\"><name>Identificador do registo<\/name><value>1496<\/value><\/attribute><attribute id=\"56\"><name>Identificador de vers\u00e3o<\/name><value>20211229144412.971<\/value><\/attribute><attribute id=\"17\"><name>Data de registo<\/name><value>2000-07-18<\/value><\/attribute><attribute id=\"18\"><name>Tipo de data de publica\u00e7\u00e3o<\/name><value>d<\/value><\/attribute><attribute id=\"57\"><name>Modificado<\/name><value> <\/value><\/attribute><attribute id=\"21\"><name>L\u00edngua de cataloga\u00e7\u00e3o<\/name><value>por<\/value><\/attribute><attribute id=\"22\"><name>Conjunto de caracteres<\/name><value>01<\/value><\/attribute><attribute id=\"60\"><name>L\u00edngua do texto<\/name><value>Portugu\u00eas<\/value><\/attribute><attribute id=\"31\"><name>T\u00edtulo pr\u00f3prio significativo<\/name><value>1<\/value><\/attribute><attribute id=\"30\"><name>T\u00edtulo pr\u00f3prio<\/name><value>Relat\u00f3rio do Governo do ano de 1987 - Parte I :apresentado por  Sua Excel\u00eancia o Primeiro Ministro, Comandante de brigada Pedro Pedro, ao plenario da 5.\u00aa sess\u00e3o legistiva  ordinaria da III legislatura da Assembleia Nacional Popular<\/value><\/attribute><attribute id=\"33\"><name>Autor<\/name><value>CHEFIA DO GOVERNO<\/value><\/attribute><attribute id=\"62\"><name>Local de publica\u00e7\u00e3o \/ distribui\u00e7\u00e3o<\/name><value>Praia<\/value><\/attribute><attribute id=\"280\"><name>Data de publica\u00e7\u00e3o \/distribui\u00e7\u00e3o<\/name><value>1988<\/value><\/attribute><attribute id=\"36\"><name>Descri\u00e7\u00e3o f\u00edsica<\/name><value>26p<\/value><\/attribute><attribute id=\"268\"><name>Indicador do n\u00edvel do termo de indexa\u00e7\u00e3o<\/name><value> <\/value><\/attribute><attribute id=\"51\"><name>Pa\u00eds<\/name><value>CV<\/value><\/attribute><attribute id=\"52\"><name>Ag\u00eancia<\/name><value>BCV<\/value><\/attribute><attribute id=\"6\"><name>Cota<\/name><value>ORG 02329\/1<\/value><\/attribute><attribute id=\"16\"><name>Localiza\u00e7\u00e3o<\/name><value>Deposito<\/value><\/attribute><\/attributes><attributes language=\"en\"><attribute id=\"3\"><name>Data do invent\u00e1rio<\/name><value>2021-03-24<\/value><\/attribute><attribute id=\"45\"><name>Tipo de registo<\/name><value>a<\/value><\/attribute><attribute id=\"47\"><name>Identificador do registo<\/name><value>1496<\/value><\/attribute><attribute id=\"56\"><name>Identificador de vers\u00e3o<\/name><value>20211229144412.971<\/value><\/attribute><attribute id=\"17\"><name>Data de registo<\/name><value>2000-07-18<\/value><\/attribute><attribute id=\"18\"><name>Tipo de data de publica\u00e7\u00e3o<\/name><value>d<\/value><\/attribute><attribute id=\"57\"><name>Modificado<\/name><value> <\/value><\/attribute><attribute id=\"21\"><name>L\u00edngua de cataloga\u00e7\u00e3o<\/name><value>por<\/value><\/attribute><attribute id=\"22\"><name>Conjunto de caracteres<\/name><value>01<\/value><\/attribute><attribute id=\"60\"><name>L\u00edngua do texto<\/name><value>Portugu\u00eas<\/value><\/attribute><attribute id=\"31\"><name>T\u00edtulo pr\u00f3prio significativo<\/name><value>1<\/value><\/attribute><attribute id=\"30\"><name>T\u00edtulo pr\u00f3prio<\/name><value>Relat\u00f3rio do Governo do ano de 1987 - Parte I :apresentado por  Sua Excel\u00eancia o Primeiro Ministro, Comandante de brigada Pedro Pedro, ao plenario da 5.\u00aa sess\u00e3o legistiva  ordinaria da III legislatura da Assembleia Nacional Popular<\/value><\/attribute><attribute id=\"33\"><name>Autor<\/name><value>CHEFIA DO GOVERNO<\/value><\/attribute><attribute id=\"62\"><name>Local de publica\u00e7\u00e3o \/ distribui\u00e7\u00e3o<\/name><value>Praia<\/value><\/attribute><attribute id=\"280\"><name>Data de publica\u00e7\u00e3o \/distribui\u00e7\u00e3o<\/name><value>1988<\/value><\/attribute><attribute id=\"36\"><name>Descri\u00e7\u00e3o f\u00edsica<\/name><value>26p<\/value><\/attribute><attribute id=\"268\"><name>Indicador do n\u00edvel do termo de indexa\u00e7\u00e3o<\/name><value> <\/value><\/attribute><attribute id=\"51\"><name>Pa\u00eds<\/name><value>CV<\/value><\/attribute><attribute id=\"52\"><name>Ag\u00eancia<\/name><value>BCV<\/value><\/attribute><attribute id=\"6\"><name>Cota<\/name><value>ORG 02329\/1<\/value><\/attribute><attribute id=\"16\"><name>Localiza\u00e7\u00e3o<\/name><value>Deposito<\/value><\/attribute><\/attributes><\/pub_attributes>","type":"Monografias","doc_type":"Material textual","isbd":"ORG 02329\/1  Relat\u00f3rio do Governo do ano de 1987 - Parte I :apresentado por  Sua Excel\u00eancia o Primeiro Ministro, Comandante de brigada Pedro Pedro, ao plenario da 5.\u00aa sess\u00e3o legistiva  ordinaria da III legislatura da Assembleia Nacional Popular \/ CHEFIA DO GOVERNO. - Praia , 1988. - 26p","number_requisitions":"0","created_at":"2021-11-09T11:47:55.000000Z","updated_at":"2022-02-10T11:08:03.000000Z"}}