{"number_pubs_saved":2,"pub":{"id":7811,"base_path":"https:\/\/bcv.indexrerum.com\/content?","ir_context":"https:\/\/bcv.indexrerum.com","original_id":"115248","uuid":"ff7d6c66-50db-4c99-bca1-550c31896017","isbn":"978-2-86325-617-6","issn":null,"serial_enumeration":null,"index_therms":null,"pub_date":"2015-01-29","pub_year":null,"inventory_date":"2015-01-29","logo":"https:\/\/bcv.indexrerum.com\/site\/bcv.png","created_on":"2015-01-29 01:00:00","updated_on":"2021-12-29 15:44:12","entry_point":"Les clauses d'action collective comme rem\u00e8de \u00e0 la crise souveraine dans la zone euro.","registration_num":"5800\/14","quota":"MON 06699\/6","summary":"Quadro Institucional","image_size":"0","image":null,"attributes":"<?xml version=\"1.0\" encoding=\"utf-8\"?><pub_attributes><attributes language=\"pt\"><attribute id=\"3\"><name>Data do invent\u00e1rio<\/name><value>2015-01-29<\/value><\/attribute><attribute id=\"45\"><name>Tipo de registo<\/name><value>a<\/value><\/attribute><attribute id=\"153\"><name>N\u00ba de registo<\/name><value>5800\/14<\/value><\/attribute><attribute id=\"47\"><name>Identificador do registo<\/name><value>7817<\/value><\/attribute><attribute id=\"56\"><name>Identificador de vers\u00e3o<\/name><value>20211229144412.96<\/value><\/attribute><attribute id=\"48\"><name>ISBN<\/name><value>978-2-86325-617-6<\/value><\/attribute><attribute id=\"17\"><name>Data de registo<\/name><value>2015-01-29<\/value><\/attribute><attribute id=\"18\"><name>Tipo de data de publica\u00e7\u00e3o<\/name><value>d<\/value><\/attribute><attribute id=\"57\"><name>Modificado<\/name><value> <\/value><\/attribute><attribute id=\"21\"><name>L\u00edngua de cataloga\u00e7\u00e3o<\/name><value>por<\/value><\/attribute><attribute id=\"22\"><name>Conjunto de caracteres<\/name><value>01<\/value><\/attribute><attribute id=\"60\"><name>L\u00edngua do texto<\/name><value>Franc\u00eas<\/value><\/attribute><attribute id=\"31\"><name>T\u00edtulo pr\u00f3prio significativo<\/name><value>1<\/value><\/attribute><attribute id=\"30\"><name>T\u00edtulo pr\u00f3prio<\/name><value>Les clauses d'action collective comme rem\u00e8de \u00e0 la crise souveraine dans la zone euro.<\/value><\/attribute><attribute id=\"33\"><name>Autor<\/name><value>AUDIT, Mathias <\/value><\/attribute><attribute id=\"62\"><name>Local de publica\u00e7\u00e3o \/ distribui\u00e7\u00e3o<\/name><value>Paris<\/value><\/attribute><attribute id=\"280\"><name>Data de publica\u00e7\u00e3o \/distribui\u00e7\u00e3o<\/name><value>2013<\/value><\/attribute><attribute id=\"253\"><name>Nota de conte\u00fado<\/name><value>Quadro Institucional<\/value><\/attribute><attribute id=\"268\"><name>Indicador do n\u00edvel do termo de indexa\u00e7\u00e3o<\/name><value> <\/value><\/attribute><attribute id=\"51\"><name>Pa\u00eds<\/name><value>CV<\/value><\/attribute><attribute id=\"52\"><name>Ag\u00eancia<\/name><value>BCV<\/value><\/attribute><attribute id=\"6\"><name>Cota<\/name><value>MON 06699\/6<\/value><\/attribute><attribute id=\"16\"><name>Localiza\u00e7\u00e3o<\/name><value>SL 04\/Dep\u00f3sito<\/value><\/attribute><\/attributes><attributes language=\"en\"><attribute id=\"3\"><name>Data do invent\u00e1rio<\/name><value>2015-01-29<\/value><\/attribute><attribute id=\"45\"><name>Tipo de registo<\/name><value>a<\/value><\/attribute><attribute id=\"153\"><name>N\u00ba de registo<\/name><value>5800\/14<\/value><\/attribute><attribute id=\"47\"><name>Identificador do registo<\/name><value>7817<\/value><\/attribute><attribute id=\"56\"><name>Identificador de vers\u00e3o<\/name><value>20211229144412.96<\/value><\/attribute><attribute id=\"48\"><name>ISBN<\/name><value>978-2-86325-617-6<\/value><\/attribute><attribute id=\"17\"><name>Data de registo<\/name><value>2015-01-29<\/value><\/attribute><attribute id=\"18\"><name>Tipo de data de publica\u00e7\u00e3o<\/name><value>d<\/value><\/attribute><attribute id=\"57\"><name>Modificado<\/name><value> <\/value><\/attribute><attribute id=\"21\"><name>L\u00edngua de cataloga\u00e7\u00e3o<\/name><value>por<\/value><\/attribute><attribute id=\"22\"><name>Conjunto de caracteres<\/name><value>01<\/value><\/attribute><attribute id=\"60\"><name>L\u00edngua do texto<\/name><value>Franc\u00eas<\/value><\/attribute><attribute id=\"31\"><name>T\u00edtulo pr\u00f3prio significativo<\/name><value>1<\/value><\/attribute><attribute id=\"30\"><name>T\u00edtulo pr\u00f3prio<\/name><value>Les clauses d'action collective comme rem\u00e8de \u00e0 la crise souveraine dans la zone euro.<\/value><\/attribute><attribute id=\"33\"><name>Autor<\/name><value>AUDIT, Mathias <\/value><\/attribute><attribute id=\"62\"><name>Local de publica\u00e7\u00e3o \/ distribui\u00e7\u00e3o<\/name><value>Paris<\/value><\/attribute><attribute id=\"280\"><name>Data de publica\u00e7\u00e3o \/distribui\u00e7\u00e3o<\/name><value>2013<\/value><\/attribute><attribute id=\"253\"><name>Nota de conte\u00fado<\/name><value>Quadro Institucional<\/value><\/attribute><attribute id=\"268\"><name>Indicador do n\u00edvel do termo de indexa\u00e7\u00e3o<\/name><value> <\/value><\/attribute><attribute id=\"51\"><name>Pa\u00eds<\/name><value>CV<\/value><\/attribute><attribute id=\"52\"><name>Ag\u00eancia<\/name><value>BCV<\/value><\/attribute><attribute id=\"6\"><name>Cota<\/name><value>MON 06699\/6<\/value><\/attribute><attribute id=\"16\"><name>Localiza\u00e7\u00e3o<\/name><value>SL 04\/Dep\u00f3sito<\/value><\/attribute><\/attributes><\/pub_attributes>","type":"Monografias","doc_type":"Material textual","isbd":"MON 06699\/6  AUDIT,  Mathias  Les clauses d'action collective comme rem\u00e8de \u00e0 la crise souveraine dans la zone euro. \/ AUDIT, Mathias . - Paris , 2013. -  - Quadro Institucional ISBN\u00a0978-2-86325-617-6","number_requisitions":"0","created_at":"2021-11-09T11:58:31.000000Z","updated_at":"2022-02-10T11:17:23.000000Z"}}