{"number_pubs_saved":1,"pub":{"id":7902,"base_path":"https:\/\/bcv.indexrerum.com\/content?","ir_context":"https:\/\/bcv.indexrerum.com","original_id":"115430","uuid":"c025d675-56f7-492d-8b2f-e2424dedacc9","isbn":"978-972-618-716-5","issn":null,"serial_enumeration":null,"index_therms":null,"pub_date":"2015-04-23","pub_year":null,"inventory_date":"2015-04-23","logo":"https:\/\/bcv.indexrerum.com\/site\/bcv.png","created_on":"2015-04-23 01:00:00","updated_on":"2021-12-29 15:44:12","entry_point":"Am\u00e9rica : As ideias que constru\u00edram um pais","registration_num":"5827\/15","quota":"MON 06806","summary":null,"image_size":"0","image":null,"attributes":"<?xml version=\"1.0\" encoding=\"utf-8\"?><pub_attributes><attributes language=\"pt\"><attribute id=\"3\"><name>Data do invent\u00e1rio<\/name><value>2015-04-23<\/value><\/attribute><attribute id=\"45\"><name>Tipo de registo<\/name><value>a<\/value><\/attribute><attribute id=\"153\"><name>N\u00ba de registo<\/name><value>5827\/15<\/value><\/attribute><attribute id=\"47\"><name>Identificador do registo<\/name><value>7908<\/value><\/attribute><attribute id=\"56\"><name>Identificador de vers\u00e3o<\/name><value>20211229144412.210<\/value><\/attribute><attribute id=\"48\"><name>ISBN<\/name><value>978-972-618-716-5<\/value><\/attribute><attribute id=\"17\"><name>Data de registo<\/name><value>2015-04-23<\/value><\/attribute><attribute id=\"18\"><name>Tipo de data de publica\u00e7\u00e3o<\/name><value>d<\/value><\/attribute><attribute id=\"57\"><name>Modificado<\/name><value> <\/value><\/attribute><attribute id=\"21\"><name>L\u00edngua de cataloga\u00e7\u00e3o<\/name><value>por<\/value><\/attribute><attribute id=\"22\"><name>Conjunto de caracteres<\/name><value>01<\/value><\/attribute><attribute id=\"60\"><name>L\u00edngua do texto<\/name><value>Portugu\u00eas<\/value><\/attribute><attribute id=\"31\"><name>T\u00edtulo pr\u00f3prio significativo<\/name><value>1<\/value><\/attribute><attribute id=\"30\"><name>T\u00edtulo pr\u00f3prio<\/name><value>Am\u00e9rica : As ideias que constru\u00edram um pais<\/value><\/attribute><attribute id=\"33\"><name>Autor<\/name><value>PEREIRA, Jorge<\/value><\/attribute><attribute id=\"62\"><name>Local de publica\u00e7\u00e3o \/ distribui\u00e7\u00e3o<\/name><value>Lisboa<\/value><\/attribute><attribute id=\"280\"><name>Data de publica\u00e7\u00e3o \/distribui\u00e7\u00e3o<\/name><value>2013<\/value><\/attribute><attribute id=\"36\"><name>Descri\u00e7\u00e3o f\u00edsica<\/name><value>274 p.<\/value><\/attribute><attribute id=\"268\"><name>Indicador do n\u00edvel do termo de indexa\u00e7\u00e3o<\/name><value> <\/value><\/attribute><attribute id=\"51\"><name>Pa\u00eds<\/name><value>CV<\/value><\/attribute><attribute id=\"52\"><name>Ag\u00eancia<\/name><value>BCV<\/value><\/attribute><attribute id=\"6\"><name>Cota<\/name><value>MON 06806<\/value><\/attribute><attribute id=\"16\"><name>Localiza\u00e7\u00e3o<\/name><value>Sala de Leitura<\/value><\/attribute><attribute id=\"465\"><name>Valor de aquisi\u00e7\u00e3o<\/name><value>CVE 1.895,00<\/value><\/attribute><\/attributes><attributes language=\"en\"><attribute id=\"3\"><name>Data do invent\u00e1rio<\/name><value>2015-04-23<\/value><\/attribute><attribute id=\"45\"><name>Tipo de registo<\/name><value>a<\/value><\/attribute><attribute id=\"153\"><name>N\u00ba de registo<\/name><value>5827\/15<\/value><\/attribute><attribute id=\"47\"><name>Identificador do registo<\/name><value>7908<\/value><\/attribute><attribute id=\"56\"><name>Identificador de vers\u00e3o<\/name><value>20211229144412.210<\/value><\/attribute><attribute id=\"48\"><name>ISBN<\/name><value>978-972-618-716-5<\/value><\/attribute><attribute id=\"17\"><name>Data de registo<\/name><value>2015-04-23<\/value><\/attribute><attribute id=\"18\"><name>Tipo de data de publica\u00e7\u00e3o<\/name><value>d<\/value><\/attribute><attribute id=\"57\"><name>Modificado<\/name><value> <\/value><\/attribute><attribute id=\"21\"><name>L\u00edngua de cataloga\u00e7\u00e3o<\/name><value>por<\/value><\/attribute><attribute id=\"22\"><name>Conjunto de caracteres<\/name><value>01<\/value><\/attribute><attribute id=\"60\"><name>L\u00edngua do texto<\/name><value>Portugu\u00eas<\/value><\/attribute><attribute id=\"31\"><name>T\u00edtulo pr\u00f3prio significativo<\/name><value>1<\/value><\/attribute><attribute id=\"30\"><name>T\u00edtulo pr\u00f3prio<\/name><value>Am\u00e9rica : As ideias que constru\u00edram um pais<\/value><\/attribute><attribute id=\"33\"><name>Autor<\/name><value>PEREIRA, Jorge<\/value><\/attribute><attribute id=\"62\"><name>Local de publica\u00e7\u00e3o \/ distribui\u00e7\u00e3o<\/name><value>Lisboa<\/value><\/attribute><attribute id=\"280\"><name>Data de publica\u00e7\u00e3o \/distribui\u00e7\u00e3o<\/name><value>2013<\/value><\/attribute><attribute id=\"36\"><name>Descri\u00e7\u00e3o f\u00edsica<\/name><value>274 p.<\/value><\/attribute><attribute id=\"268\"><name>Indicador do n\u00edvel do termo de indexa\u00e7\u00e3o<\/name><value> <\/value><\/attribute><attribute id=\"51\"><name>Pa\u00eds<\/name><value>CV<\/value><\/attribute><attribute id=\"52\"><name>Ag\u00eancia<\/name><value>BCV<\/value><\/attribute><attribute id=\"6\"><name>Cota<\/name><value>MON 06806<\/value><\/attribute><attribute id=\"16\"><name>Localiza\u00e7\u00e3o<\/name><value>Sala de Leitura<\/value><\/attribute><attribute id=\"465\"><name>Valor de aquisi\u00e7\u00e3o<\/name><value>CVE 1.895,00<\/value><\/attribute><\/attributes><\/pub_attributes>","type":"Monografias","doc_type":"Material textual","isbd":"MON 06806  PEREIRA,  Jorge Brito  Am\u00e9rica : As ideias que constru\u00edram um pais \/ PEREIRA, Jorge. - Lisboa , 2013. - 274 p.ISBN\u00a0978-972-618-716-5","number_requisitions":"0","created_at":"2021-11-09T11:58:40.000000Z","updated_at":"2022-02-10T11:17:33.000000Z"}}